{"id":9,"date":"2026-01-06T10:47:06","date_gmt":"2026-01-06T10:47:06","guid":{"rendered":"http:\/\/www.emiliepinelcaron.com\/?page_id=9"},"modified":"2026-01-08T08:22:10","modified_gmt":"2026-01-08T08:22:10","slug":"mon-livre-confidences-brain-guerriere","status":"publish","type":"page","link":"https:\/\/www.emiliepinelcaron.com\/index.php\/mon-livre-confidences-brain-guerriere\/","title":{"rendered":"Mon livre : Confidences d&rsquo;une [brain] guerri\u00e8re"},"content":{"rendered":"\n<h2 class=\"wp-block-heading\">Journal de bord d&rsquo;une premi\u00e8re ann\u00e9e de combat contre l&rsquo;invincible<\/h2>\n\n\n\n<div class=\"wp-block-media-text is-stacked-on-mobile\"><figure class=\"wp-block-media-text__media\"><img loading=\"lazy\" decoding=\"async\" width=\"711\" height=\"1024\" src=\"http:\/\/www.emiliepinelcaron.com\/wp-content\/uploads\/2026\/01\/couverture-711x1024.png\" alt=\"\" class=\"wp-image-35 size-full\" srcset=\"https:\/\/www.emiliepinelcaron.com\/wp-content\/uploads\/2026\/01\/couverture-711x1024.png 711w, https:\/\/www.emiliepinelcaron.com\/wp-content\/uploads\/2026\/01\/couverture-208x300.png 208w, https:\/\/www.emiliepinelcaron.com\/wp-content\/uploads\/2026\/01\/couverture-768x1106.png 768w, https:\/\/www.emiliepinelcaron.com\/wp-content\/uploads\/2026\/01\/couverture-1067x1536.png 1067w, https:\/\/www.emiliepinelcaron.com\/wp-content\/uploads\/2026\/01\/couverture.png 1068w\" sizes=\"auto, (max-width: 711px) 100vw, 711px\" \/><\/figure><div class=\"wp-block-media-text__content\">\n<p>Voici comment mon existence a bascul\u00e9 : le diagnostic d&rsquo;un cancer du cerveau incurable venu bouleverser mon quotidien vibrant de cr\u00e9ativit\u00e9, de passions et d&rsquo;envies. Je dois d\u00e9sormais naviguer dans un univers bien plus sombre, celui de la maladie.&nbsp;<\/p>\n\n\n\n<p>Avec humour et r\u00e9silience, je raconte ma transition entre mon ancienne vie effervescente et mon nouveau statut de patiente. Loin de me r\u00e9signer, j&rsquo;ai d\u00e9cid\u00e9 de documenter cette aventure : des mots pour mes maux, partag\u00e9s sous forme de publications et de notes plus intimes. L&rsquo;\u00e9criture est devenue mon exutoire, pour comprendre ce qu&rsquo;il m&rsquo;arrive, apprivoiser la peur et red\u00e9finir mes priorit\u00e9s.<\/p>\n\n\n\n<p>Sinc\u00e8re et authentique, je partage mes combats, mes moments de doute, mais aussi mes victoires int\u00e9rieures. Ce r\u00e9cit n&rsquo;est pas un guide m\u00e9dical, mais une plong\u00e9e dans une exp\u00e9rience unique et universelle \u00e0 la fois : celle d&rsquo;apprendre \u00e0 vivre pleinement dans l&rsquo;incertitude.<\/p>\n\n\n\n<p>Ce livre est une invitation \u00e0 ne pas se laisser d\u00e9finir par une maladie, mais \u00e0 trouver dans l&rsquo;\u00e9preuve un puissant moteur pour se r\u00e9inventer, savourer chaque instant et \u00e9couter ce que le corps et la vie ont \u00e0 dire.<\/p>\n\n\n\n<p><strong>Mon histoire de r\u00e9silience r\u00e9solument tourn\u00e9e vers l&rsquo;espoir<\/strong><\/p>\n<\/div><\/div>\n\n\n\n<h3 class=\"wp-block-heading has-text-align-center\">O\u00f9 commander le livre \u00ab Confidences d&rsquo;une [ brain ] guerri\u00e8re \u00bb ?<\/h3>\n\n\n\n<div class=\"wp-block-group is-nowrap is-layout-flex wp-container-core-group-is-layout-ad2f72ca wp-block-group-is-layout-flex\">\n<p>Mon \u00ab Confidences d&rsquo;une [ brain ] guerri\u00e8re \u00bb livre est disponible sur commande aupr\u00e8s de votre libraire, et en ligne \u00e9galement sur vos sites favoris. Le livre \u00e9tant \u00e9dit\u00e9 la commande, le d\u00e9lai de livraison correspond au d\u00e9lai d&rsquo;impression. Merci pour votre compr\u00e9hension.<br>Pour les adeptes de liseuse, vous disposez \u00e9galement de la version\u00a0<a href=\"https:\/\/librairie.bod.fr\/confidences-dune-brain-guerriere-emilie-pinel-caron-9782322644186\" target=\"_blank\" rel=\"noreferrer noopener\">ebook<\/a>.\u00a0<br>N&rsquo;h\u00e9sitez pas \u00e0\u00a0<a href=\"https:\/\/carelcreation.com\/index.php\/contacter-carel-creation\/\">m&rsquo;envoyer vos commentaires<\/a>\u00a0\ud83d\ude42<br>Bonne lecture !<\/p>\n\n\n\n<figure class=\"wp-block-image size-large\"><img loading=\"lazy\" decoding=\"async\" width=\"819\" height=\"1024\" src=\"http:\/\/www.emiliepinelcaron.com\/wp-content\/uploads\/2026\/01\/livre-mockup-819x1024.png\" alt=\"\" class=\"wp-image-135\" style=\"object-fit:cover\"\/><\/figure>\n<\/div>\n\n\n\n<div class=\"wp-block-columns is-layout-flex wp-container-core-columns-is-layout-9d6595d7 wp-block-columns-is-layout-flex\">\n<div class=\"wp-block-column is-layout-flow wp-block-column-is-layout-flow\">\n<!-- ### Begin BoD ShopWidget -->\n<div id=\"bodShopWidget_5433428_print\" class=\"bodShopWidget\"><\/div><script type=\"text\/javascript\">if(typeof checkLibExist == \"undefined\"){var script = document.createElement(\"script\");script.src =\"https:\/\/assets.bod.com\/shopwidget\/build\/js\/v1.1\/shopWidget.min.js\";script.type = \"text\/javascript\";document.head.appendChild(script);var checkLibExist = true;}if(typeof books === \"undefined\") var books=[];books.push({\"objID\":5433428,\"swKey\":\"5305d315064e063901e04a032e66ab04\",\"type\":\"print\",\"size\":\"small\",\"font\":\"nonSerif\",\"shadow\":false,\"contour\":true,\"coverContour\":true,\"fontColor\":\"#212529\",\"contourColor\":\"#212529\",\"shadowBtn\":false,\"contourBtn\":false,\"bgColor\":\"#fff\",\"btnFontColor\":\"#fff\",\"btnColor\":\"#ee0606\",\"btnContourColor\":\"#fd6041\",\"mandantShopUrl\":\"https:\/\/librairie.bod.fr\",\"lang\":\"fr\"});<\/script>\n<!-- ### End BoD ShopWidget -->\n<\/div>\n\n\n\n<div class=\"wp-block-column is-layout-flow wp-block-column-is-layout-flow\">\n<!-- ### Begin BoD ShopWidget -->\n<div id=\"bodShopWidget_5433428_ebook\" class=\"bodShopWidget\"><\/div><script type=\"text\/javascript\">if(typeof checkLibExist == \"undefined\"){var script = document.createElement(\"script\");script.src =\"https:\/\/assets.bod.com\/shopwidget\/build\/js\/v1.1\/shopWidget.min.js\";script.type = \"text\/javascript\";document.head.appendChild(script);var checkLibExist = true;}if(typeof books === \"undefined\") var books=[];books.push({\"objID\":5433428,\"swKey\":\"5305d315064e063901e04a032e66ab04\",\"type\":\"ebook\",\"size\":\"small\",\"font\":\"nonSerif\",\"shadow\":false,\"contour\":true,\"coverContour\":true,\"fontColor\":\"#212529\",\"contourColor\":\"#212529\",\"shadowBtn\":false,\"contourBtn\":false,\"bgColor\":\"#fff\",\"btnFontColor\":\"#fff\",\"btnColor\":\"#ee0606\",\"btnContourColor\":\"#ee0606\",\"mandantShopUrl\":\"https:\/\/librairie.bod.fr\",\"lang\":\"fr\"});<\/script>\n<!-- ### End BoD ShopWidget -->\n<\/div>\n<\/div>\n\n\n\n<hr class=\"wp-block-separator has-alpha-channel-opacity is-style-dots\"\/>\n\n\n\n<h3 class=\"wp-block-heading has-text-align-center\">Vous souhaitez organiser une s\u00e9ance de d\u00e9dicace ?<\/h3>\n\n\n\n<p>Si votre librairie organise des rencontres avec des auteurs, je serais ravie de participer \u00e0 une s\u00e9ance de d\u00e9dicace autour de mon ouvrage. C\u2019est toujours un plaisir de rencontrer les lecteurs !<\/p>\n\n\n\n<div class=\"wp-block-buttons is-content-justification-center is-layout-flex wp-container-core-buttons-is-layout-16018d1d wp-block-buttons-is-layout-flex\">\n<div class=\"wp-block-button\"><a class=\"wp-block-button__link wp-element-button\" href=\"https:\/\/www.emiliepinelcaron.com\/index.php\/contact\/\">contactez-moi<\/a><\/div>\n<\/div>\n","protected":false},"excerpt":{"rendered":"<p>Journal de bord d&rsquo;une premi\u00e8re ann\u00e9e de combat contre l&rsquo;invincible Voici comment mon existence a bascul\u00e9 : le diagnostic d&rsquo;un cancer du cerveau incurable venu bouleverser mon quotidien vibrant de cr\u00e9ativit\u00e9, de passions et d&rsquo;envies. Je dois d\u00e9sormais naviguer dans un univers bien plus sombre, celui de la maladie.&nbsp; Avec humour et r\u00e9silience, je raconte [&hellip;]<\/p>\n","protected":false},"author":1,"featured_media":0,"parent":0,"menu_order":0,"comment_status":"closed","ping_status":"closed","template":"templates\/template-full-width.php","meta":{"footnotes":""},"class_list":["post-9","page","type-page","status-publish","hentry"],"yoast_head":"<!-- This site is optimized with the Yoast SEO plugin v26.7 - https:\/\/yoast.com\/wordpress\/plugins\/seo\/ -->\n<title>Mon livre : Confidences d&#039;une [brain] guerri\u00e8re - Emilie Pinel Caron<\/title>\n<meta name=\"description\" content=\"mon livre Confidences d&#039;une [ brain ] guerri\u00e8re - Journal de bord d&#039;une premi\u00e8re ann\u00e9e de combat contre l&#039;invincible\" \/>\n<meta name=\"robots\" content=\"index, follow, max-snippet:-1, max-image-preview:large, max-video-preview:-1\" \/>\n<link rel=\"canonical\" href=\"https:\/\/www.emiliepinelcaron.com\/index.php\/mon-livre-confidences-brain-guerriere\/\" \/>\n<meta property=\"og:locale\" content=\"fr_FR\" \/>\n<meta property=\"og:type\" content=\"article\" \/>\n<meta property=\"og:title\" content=\"Mon livre : Confidences d&#039;une [brain] guerri\u00e8re - Emilie Pinel Caron\" \/>\n<meta property=\"og:description\" content=\"mon livre Confidences d&#039;une [ brain ] guerri\u00e8re - Journal de bord d&#039;une premi\u00e8re ann\u00e9e de combat contre l&#039;invincible\" \/>\n<meta property=\"og:url\" content=\"https:\/\/www.emiliepinelcaron.com\/index.php\/mon-livre-confidences-brain-guerriere\/\" \/>\n<meta property=\"og:site_name\" content=\"Emilie Pinel Caron\" \/>\n<meta property=\"article:modified_time\" content=\"2026-01-08T08:22:10+00:00\" \/>\n<meta property=\"og:image\" content=\"http:\/\/www.emiliepinelcaron.com\/wp-content\/uploads\/2026\/01\/couverture-711x1024.png\" \/>\n<meta name=\"twitter:card\" content=\"summary_large_image\" \/>\n<meta name=\"twitter:label1\" content=\"Dur\u00e9e de lecture estim\u00e9e\" \/>\n\t<meta name=\"twitter:data1\" content=\"2 minutes\" \/>\n<script type=\"application\/ld+json\" class=\"yoast-schema-graph\">{\"@context\":\"https:\/\/schema.org\",\"@graph\":[{\"@type\":\"WebPage\",\"@id\":\"https:\/\/www.emiliepinelcaron.com\/index.php\/mon-livre-confidences-brain-guerriere\/\",\"url\":\"https:\/\/www.emiliepinelcaron.com\/index.php\/mon-livre-confidences-brain-guerriere\/\",\"name\":\"Mon livre : Confidences d'une [brain] guerri\u00e8re - Emilie Pinel Caron\",\"isPartOf\":{\"@id\":\"http:\/\/www.emiliepinelcaron.com\/#website\"},\"primaryImageOfPage\":{\"@id\":\"https:\/\/www.emiliepinelcaron.com\/index.php\/mon-livre-confidences-brain-guerriere\/#primaryimage\"},\"image\":{\"@id\":\"https:\/\/www.emiliepinelcaron.com\/index.php\/mon-livre-confidences-brain-guerriere\/#primaryimage\"},\"thumbnailUrl\":\"http:\/\/www.emiliepinelcaron.com\/wp-content\/uploads\/2026\/01\/couverture-711x1024.png\",\"datePublished\":\"2026-01-06T10:47:06+00:00\",\"dateModified\":\"2026-01-08T08:22:10+00:00\",\"description\":\"mon livre Confidences d'une [ brain ] guerri\u00e8re - Journal de bord d'une premi\u00e8re ann\u00e9e de combat contre l'invincible\",\"breadcrumb\":{\"@id\":\"https:\/\/www.emiliepinelcaron.com\/index.php\/mon-livre-confidences-brain-guerriere\/#breadcrumb\"},\"inLanguage\":\"fr-FR\",\"potentialAction\":[{\"@type\":\"ReadAction\",\"target\":[\"https:\/\/www.emiliepinelcaron.com\/index.php\/mon-livre-confidences-brain-guerriere\/\"]}]},{\"@type\":\"ImageObject\",\"inLanguage\":\"fr-FR\",\"@id\":\"https:\/\/www.emiliepinelcaron.com\/index.php\/mon-livre-confidences-brain-guerriere\/#primaryimage\",\"url\":\"https:\/\/www.emiliepinelcaron.com\/wp-content\/uploads\/2026\/01\/couverture.png\",\"contentUrl\":\"https:\/\/www.emiliepinelcaron.com\/wp-content\/uploads\/2026\/01\/couverture.png\",\"width\":1068,\"height\":1538},{\"@type\":\"BreadcrumbList\",\"@id\":\"https:\/\/www.emiliepinelcaron.com\/index.php\/mon-livre-confidences-brain-guerriere\/#breadcrumb\",\"itemListElement\":[{\"@type\":\"ListItem\",\"position\":1,\"name\":\"Accueil\",\"item\":\"http:\/\/www.emiliepinelcaron.com\/\"},{\"@type\":\"ListItem\",\"position\":2,\"name\":\"Mon livre : Confidences d&rsquo;une [brain] guerri\u00e8re\"}]},{\"@type\":\"WebSite\",\"@id\":\"http:\/\/www.emiliepinelcaron.com\/#website\",\"url\":\"http:\/\/www.emiliepinelcaron.com\/\",\"name\":\"Emilie Pinel Caron\",\"description\":\"\",\"publisher\":{\"@id\":\"http:\/\/www.emiliepinelcaron.com\/#organization\"},\"potentialAction\":[{\"@type\":\"SearchAction\",\"target\":{\"@type\":\"EntryPoint\",\"urlTemplate\":\"http:\/\/www.emiliepinelcaron.com\/?s={search_term_string}\"},\"query-input\":{\"@type\":\"PropertyValueSpecification\",\"valueRequired\":true,\"valueName\":\"search_term_string\"}}],\"inLanguage\":\"fr-FR\"},{\"@type\":\"Organization\",\"@id\":\"http:\/\/www.emiliepinelcaron.com\/#organization\",\"name\":\"Emilie Pinel Caron\",\"url\":\"http:\/\/www.emiliepinelcaron.com\/\",\"logo\":{\"@type\":\"ImageObject\",\"inLanguage\":\"fr-FR\",\"@id\":\"http:\/\/www.emiliepinelcaron.com\/#\/schema\/logo\/image\/\",\"url\":\"https:\/\/www.emiliepinelcaron.com\/wp-content\/uploads\/2026\/01\/Capture-decran-2026-01-14-a-14.31.41-e1768397624735.png\",\"contentUrl\":\"https:\/\/www.emiliepinelcaron.com\/wp-content\/uploads\/2026\/01\/Capture-decran-2026-01-14-a-14.31.41-e1768397624735.png\",\"width\":1110,\"height\":422,\"caption\":\"Emilie Pinel Caron\"},\"image\":{\"@id\":\"http:\/\/www.emiliepinelcaron.com\/#\/schema\/logo\/image\/\"}}]}<\/script>\n<!-- \/ Yoast SEO plugin. -->","yoast_head_json":{"title":"Mon livre : Confidences d'une [brain] guerri\u00e8re - Emilie Pinel Caron","description":"mon livre Confidences d'une [ brain ] guerri\u00e8re - Journal de bord d'une premi\u00e8re ann\u00e9e de combat contre l'invincible","robots":{"index":"index","follow":"follow","max-snippet":"max-snippet:-1","max-image-preview":"max-image-preview:large","max-video-preview":"max-video-preview:-1"},"canonical":"https:\/\/www.emiliepinelcaron.com\/index.php\/mon-livre-confidences-brain-guerriere\/","og_locale":"fr_FR","og_type":"article","og_title":"Mon livre : Confidences d'une [brain] guerri\u00e8re - Emilie Pinel Caron","og_description":"mon livre Confidences d'une [ brain ] guerri\u00e8re - Journal de bord d'une premi\u00e8re ann\u00e9e de combat contre l'invincible","og_url":"https:\/\/www.emiliepinelcaron.com\/index.php\/mon-livre-confidences-brain-guerriere\/","og_site_name":"Emilie Pinel Caron","article_modified_time":"2026-01-08T08:22:10+00:00","og_image":[{"url":"http:\/\/www.emiliepinelcaron.com\/wp-content\/uploads\/2026\/01\/couverture-711x1024.png","type":"","width":"","height":""}],"twitter_card":"summary_large_image","twitter_misc":{"Dur\u00e9e de lecture estim\u00e9e":"2 minutes"},"schema":{"@context":"https:\/\/schema.org","@graph":[{"@type":"WebPage","@id":"https:\/\/www.emiliepinelcaron.com\/index.php\/mon-livre-confidences-brain-guerriere\/","url":"https:\/\/www.emiliepinelcaron.com\/index.php\/mon-livre-confidences-brain-guerriere\/","name":"Mon livre : Confidences d'une [brain] guerri\u00e8re - Emilie Pinel Caron","isPartOf":{"@id":"http:\/\/www.emiliepinelcaron.com\/#website"},"primaryImageOfPage":{"@id":"https:\/\/www.emiliepinelcaron.com\/index.php\/mon-livre-confidences-brain-guerriere\/#primaryimage"},"image":{"@id":"https:\/\/www.emiliepinelcaron.com\/index.php\/mon-livre-confidences-brain-guerriere\/#primaryimage"},"thumbnailUrl":"http:\/\/www.emiliepinelcaron.com\/wp-content\/uploads\/2026\/01\/couverture-711x1024.png","datePublished":"2026-01-06T10:47:06+00:00","dateModified":"2026-01-08T08:22:10+00:00","description":"mon livre Confidences d'une [ brain ] guerri\u00e8re - Journal de bord d'une premi\u00e8re ann\u00e9e de combat contre l'invincible","breadcrumb":{"@id":"https:\/\/www.emiliepinelcaron.com\/index.php\/mon-livre-confidences-brain-guerriere\/#breadcrumb"},"inLanguage":"fr-FR","potentialAction":[{"@type":"ReadAction","target":["https:\/\/www.emiliepinelcaron.com\/index.php\/mon-livre-confidences-brain-guerriere\/"]}]},{"@type":"ImageObject","inLanguage":"fr-FR","@id":"https:\/\/www.emiliepinelcaron.com\/index.php\/mon-livre-confidences-brain-guerriere\/#primaryimage","url":"https:\/\/www.emiliepinelcaron.com\/wp-content\/uploads\/2026\/01\/couverture.png","contentUrl":"https:\/\/www.emiliepinelcaron.com\/wp-content\/uploads\/2026\/01\/couverture.png","width":1068,"height":1538},{"@type":"BreadcrumbList","@id":"https:\/\/www.emiliepinelcaron.com\/index.php\/mon-livre-confidences-brain-guerriere\/#breadcrumb","itemListElement":[{"@type":"ListItem","position":1,"name":"Accueil","item":"http:\/\/www.emiliepinelcaron.com\/"},{"@type":"ListItem","position":2,"name":"Mon livre : Confidences d&rsquo;une [brain] guerri\u00e8re"}]},{"@type":"WebSite","@id":"http:\/\/www.emiliepinelcaron.com\/#website","url":"http:\/\/www.emiliepinelcaron.com\/","name":"Emilie Pinel Caron","description":"","publisher":{"@id":"http:\/\/www.emiliepinelcaron.com\/#organization"},"potentialAction":[{"@type":"SearchAction","target":{"@type":"EntryPoint","urlTemplate":"http:\/\/www.emiliepinelcaron.com\/?s={search_term_string}"},"query-input":{"@type":"PropertyValueSpecification","valueRequired":true,"valueName":"search_term_string"}}],"inLanguage":"fr-FR"},{"@type":"Organization","@id":"http:\/\/www.emiliepinelcaron.com\/#organization","name":"Emilie Pinel Caron","url":"http:\/\/www.emiliepinelcaron.com\/","logo":{"@type":"ImageObject","inLanguage":"fr-FR","@id":"http:\/\/www.emiliepinelcaron.com\/#\/schema\/logo\/image\/","url":"https:\/\/www.emiliepinelcaron.com\/wp-content\/uploads\/2026\/01\/Capture-decran-2026-01-14-a-14.31.41-e1768397624735.png","contentUrl":"https:\/\/www.emiliepinelcaron.com\/wp-content\/uploads\/2026\/01\/Capture-decran-2026-01-14-a-14.31.41-e1768397624735.png","width":1110,"height":422,"caption":"Emilie Pinel Caron"},"image":{"@id":"http:\/\/www.emiliepinelcaron.com\/#\/schema\/logo\/image\/"}}]}},"_links":{"self":[{"href":"https:\/\/www.emiliepinelcaron.com\/index.php\/wp-json\/wp\/v2\/pages\/9","targetHints":{"allow":["GET"]}}],"collection":[{"href":"https:\/\/www.emiliepinelcaron.com\/index.php\/wp-json\/wp\/v2\/pages"}],"about":[{"href":"https:\/\/www.emiliepinelcaron.com\/index.php\/wp-json\/wp\/v2\/types\/page"}],"author":[{"embeddable":true,"href":"https:\/\/www.emiliepinelcaron.com\/index.php\/wp-json\/wp\/v2\/users\/1"}],"replies":[{"embeddable":true,"href":"https:\/\/www.emiliepinelcaron.com\/index.php\/wp-json\/wp\/v2\/comments?post=9"}],"version-history":[{"count":13,"href":"https:\/\/www.emiliepinelcaron.com\/index.php\/wp-json\/wp\/v2\/pages\/9\/revisions"}],"predecessor-version":[{"id":220,"href":"https:\/\/www.emiliepinelcaron.com\/index.php\/wp-json\/wp\/v2\/pages\/9\/revisions\/220"}],"wp:attachment":[{"href":"https:\/\/www.emiliepinelcaron.com\/index.php\/wp-json\/wp\/v2\/media?parent=9"}],"curies":[{"name":"wp","href":"https:\/\/api.w.org\/{rel}","templated":true}]}}